{"id":61,"date":"2021-03-06T16:34:55","date_gmt":"2021-03-06T15:34:55","guid":{"rendered":"http:\/\/ackerkralle.de\/?page_id=61"},"modified":"2026-03-13T17:23:59","modified_gmt":"2026-03-13T16:23:59","slug":"fest-2018","status":"publish","type":"page","link":"https:\/\/ackerkralle.de\/?page_id=61","title":{"rendered":"Fest 2022"},"content":{"rendered":"<p>[et_pb_section fb_built=&#8220;1&#8243; custom_padding_last_edited=&#8220;on|desktop&#8220; admin_label=&#8220;Header&#8220; _builder_version=&#8220;4.16&#8243; use_background_color_gradient=&#8220;on&#8220; background_color_gradient_type=&#8220;circular&#8220; background_color_gradient_direction_radial=&#8220;top left&#8220; background_color_gradient_stops=&#8220;rgba(0,0,0,0) 9%|rgba(0,56,94,0.91) 50%&#8220; background_color_gradient_overlays_image=&#8220;on&#8220; background_color_gradient_start=&#8220;rgba(0,0,0,0)&#8220; background_color_gradient_start_position=&#8220;9%&#8220; background_color_gradient_end=&#8220;rgba(0,56,94,0.91)&#8220; background_color_gradient_end_position=&#8220;50%&#8220; background_image=&#8220;https:\/\/ackerkralle.de\/wp-content\/uploads\/2021\/03\/Home.jpg&#8220; custom_padding=&#8220;10vh|0|12vh||false|false&#8220; custom_padding_tablet=&#8220;10vh||10vh||false&#8220; custom_padding_phone=&#8220;5vh||5vh||false&#8220; top_divider_style=&#8220;wave2&#8243; top_divider_color=&#8220;rgba(12,113,195,0.11)&#8220; top_divider_height=&#8220;460px&#8220; top_divider_flip=&#8220;horizontal&#8220; bottom_divider_style=&#8220;curve&#8220; bottom_divider_color=&#8220;#ffffff&#8220; bottom_divider_height=&#8220;3vw&#8220; bottom_divider_flip=&#8220;vertical&#8220; locked=&#8220;off&#8220; global_colors_info=&#8220;{}&#8220;][et_pb_row column_structure=&#8220;1_2,1_2&#8243; _builder_version=&#8220;4.16&#8243; custom_padding=&#8220;8px||3px|||&#8220; global_colors_info=&#8220;{}&#8220;][et_pb_column type=&#8220;1_2&#8243; _builder_version=&#8220;4.16&#8243; custom_padding=&#8220;|||&#8220; global_colors_info=&#8220;{}&#8220; custom_padding__hover=&#8220;|||&#8220;][\/et_pb_column][et_pb_column type=&#8220;1_2&#8243; _builder_version=&#8220;4.16&#8243; custom_padding=&#8220;|||&#8220; global_colors_info=&#8220;{}&#8220; custom_padding__hover=&#8220;|||&#8220;][et_pb_text _builder_version=&#8220;4.27.6&#8243; text_font=&#8220;||||||||&#8220; ul_font=&#8220;||||||||&#8220; ol_font=&#8220;||||||||&#8220; header_font=&#8220;Vollkorn||||||||&#8220; header_font_size=&#8220;84px&#8220; header_letter_spacing=&#8220;1px&#8220; header_line_height=&#8220;1.2em&#8220; header_2_font=&#8220;Vollkorn||||||||&#8220; header_2_font_size=&#8220;44px&#8220; header_2_letter_spacing=&#8220;1px&#8220; header_2_line_height=&#8220;1.4em&#8220; header_3_font=&#8220;||||||||&#8220; header_4_font=&#8220;||||||||&#8220; header_5_font=&#8220;||||||||&#8220; header_6_font=&#8220;||||||||&#8220; background_layout=&#8220;dark&#8220; max_width=&#8220;800px&#8220; module_alignment=&#8220;left&#8220; custom_margin=&#8220;||20px|&#8220; custom_padding=&#8220;|||78px||&#8220; animation_style=&#8220;slide&#8220; animation_direction=&#8220;left&#8220; animation_intensity_slide=&#8220;2%&#8220; header_font_size_tablet=&#8220;35px&#8220; header_font_size_phone=&#8220;30px&#8220; header_font_size_last_edited=&#8220;on|desktop&#8220; header_2_font_size_tablet=&#8220;35px&#8220; header_2_font_size_phone=&#8220;30px&#8220; header_2_font_size_last_edited=&#8220;on|desktop&#8220; global_colors_info=&#8220;{}&#8220;]<\/p>\n<h1><\/h1>\n<h2>Feiern &amp; Veranstaltungen<\/h2>\n<p>[\/et_pb_text][\/et_pb_column][\/et_pb_row][\/et_pb_section][et_pb_section fb_built=&#8220;1&#8243; _builder_version=&#8220;4.16&#8243; _module_preset=&#8220;default&#8220; custom_padding=&#8220;32px||5px|||&#8220; global_colors_info=&#8220;{}&#8220;][et_pb_row column_structure=&#8220;3_4,1_4&#8243; _builder_version=&#8220;4.27.6&#8243; _module_preset=&#8220;default&#8220; custom_padding=&#8220;26px||||false|false&#8220; global_colors_info=&#8220;{}&#8220;][et_pb_column type=&#8220;3_4&#8243; _builder_version=&#8220;4.16&#8243; _module_preset=&#8220;default&#8220; global_colors_info=&#8220;{}&#8220;][et_pb_text _builder_version=&#8220;4.27.6&#8243; text_font=&#8220;||||||||&#8220; text_font_size=&#8220;18px&#8220; text_line_height=&#8220;2em&#8220; header_font=&#8220;Georgia||||||||&#8220; header_font_size=&#8220;60px&#8220; header_line_height=&#8220;1.2em&#8220; custom_margin=&#8220;|||&#8220; text_font_size_tablet=&#8220;&#8220; text_font_size_phone=&#8220;16px&#8220; text_font_size_last_edited=&#8220;on|phone&#8220; header_font_size_tablet=&#8220;50px&#8220; header_font_size_phone=&#8220;40px&#8220; header_font_size_last_edited=&#8220;on|phone&#8220; locked=&#8220;off&#8220; global_colors_info=&#8220;{}&#8220;]<\/p>\n<h1 class=\"p1\"><strong>Sie lieben alte Trecker und Co.<\/strong><\/h1>\n<p>[\/et_pb_text][et_pb_text _builder_version=&#8220;4.27.6&#8243; text_font=&#8220;||||||||&#8220; text_font_size=&#8220;18px&#8220; text_line_height=&#8220;2em&#8220; header_font=&#8220;Cormorant Garamond|700|||||||&#8220; header_font_size=&#8220;25px&#8220; header_line_height=&#8220;1.2em&#8220; custom_margin=&#8220;|||&#8220; text_font_size_tablet=&#8220;&#8220; text_font_size_phone=&#8220;16px&#8220; text_font_size_last_edited=&#8220;on|phone&#8220; header_font_size_tablet=&#8220;25px&#8220; header_font_size_phone=&#8220;21px&#8220; header_font_size_last_edited=&#8220;on|tablet&#8220; locked=&#8220;off&#8220; global_colors_info=&#8220;{}&#8220;]<\/p>\n<h2>Pressebericht:<br \/>Der Traktorclub Ackerkralle feiert 40. Geburtstag<br \/>\u2013 und viele G\u00e4ste feiern mit&#8230;<\/h2>\n<p><em>von Peter Sch\u00e4fer<\/em><\/p>\n<p>[\/et_pb_text][et_pb_button button_url=&#8220;https:\/\/ackerkralle.de\/wp-content\/uploads\/2026\/03\/IMG_8858.jpg&#8220; url_new_window=&#8220;on&#8220; button_text=&#8220;zum Artikel&#8220; _builder_version=&#8220;4.27.6&#8243; custom_button=&#8220;on&#8220; button_text_size=&#8220;16px&#8220; button_bg_color=&#8220;#24c9c3&#8243; button_border_width=&#8220;0px&#8220; button_border_radius=&#8220;100px&#8220; button_letter_spacing=&#8220;2px&#8220; button_font=&#8220;Arial|700||on|||||&#8220; button_icon=&#8220;&#x24;||divi||400&#8243; background_layout=&#8220;dark&#8220; custom_margin=&#8220;40px|||10px|false|false&#8220; custom_padding=&#8220;16px|40px|16px|40px|true|true&#8220; hover_enabled=&#8220;0&#8243; locked=&#8220;off&#8220; global_colors_info=&#8220;{}&#8220; button_text_size__hover_enabled=&#8220;off&#8220; button_one_text_size__hover_enabled=&#8220;off&#8220; button_two_text_size__hover_enabled=&#8220;off&#8220; button_text_color__hover_enabled=&#8220;off&#8220; button_one_text_color__hover_enabled=&#8220;off&#8220; button_two_text_color__hover_enabled=&#8220;off&#8220; button_border_width__hover_enabled=&#8220;off&#8220; button_one_border_width__hover_enabled=&#8220;off&#8220; button_two_border_width__hover_enabled=&#8220;off&#8220; button_border_color__hover_enabled=&#8220;off&#8220; button_one_border_color__hover_enabled=&#8220;off&#8220; button_two_border_color__hover_enabled=&#8220;off&#8220; button_border_radius__hover_enabled=&#8220;off&#8220; button_one_border_radius__hover_enabled=&#8220;off&#8220; button_two_border_radius__hover_enabled=&#8220;off&#8220; button_letter_spacing__hover_enabled=&#8220;off&#8220; button_one_letter_spacing__hover_enabled=&#8220;off&#8220; button_two_letter_spacing__hover_enabled=&#8220;off&#8220; button_bg_color__hover_enabled=&#8220;off&#8220; button_one_bg_color__hover_enabled=&#8220;off&#8220; button_two_bg_color__hover_enabled=&#8220;off&#8220; sticky_enabled=&#8220;0&#8243;][\/et_pb_button][\/et_pb_column][et_pb_column type=&#8220;1_4&#8243; _builder_version=&#8220;4.16&#8243; _module_preset=&#8220;default&#8220; global_colors_info=&#8220;{}&#8220;][et_pb_image src=&#8220;https:\/\/ackerkralle.de\/wp-content\/uploads\/2026\/03\/IMG_8858.jpg&#8220; title_text=&#8220;Screenshot&#8220; show_in_lightbox=&#8220;on&#8220; _builder_version=&#8220;4.27.6&#8243; _module_preset=&#8220;default&#8220; custom_margin=&#8220;-189px||||false|false&#8220; custom_margin_tablet=&#8220;5px||||false|false&#8220; custom_margin_phone=&#8220;&#8220; custom_margin_last_edited=&#8220;on|tablet&#8220; animation_style=&#8220;slide&#8220; animation_direction=&#8220;left&#8220; animation_intensity_slide=&#8220;82%&#8220; box_shadow_style=&#8220;preset3&#8243; global_colors_info=&#8220;{}&#8220;][\/et_pb_image][\/et_pb_column][\/et_pb_row][\/et_pb_section][et_pb_section fb_built=&#8220;1&#8243; _builder_version=&#8220;4.16&#8243; _module_preset=&#8220;default&#8220; custom_padding=&#8220;32px||5px|||&#8220; global_colors_info=&#8220;{}&#8220;][et_pb_row column_structure=&#8220;3_4,1_4&#8243; _builder_version=&#8220;4.27.6&#8243; _module_preset=&#8220;default&#8220; custom_padding=&#8220;129px||||false|false&#8220; global_colors_info=&#8220;{}&#8220;][et_pb_column type=&#8220;3_4&#8243; _builder_version=&#8220;4.16&#8243; _module_preset=&#8220;default&#8220; global_colors_info=&#8220;{}&#8220;][et_pb_text _builder_version=&#8220;4.18.0&#8243; text_font=&#8220;||||||||&#8220; text_font_size=&#8220;18px&#8220; text_line_height=&#8220;2em&#8220; header_font=&#8220;Georgia||||||||&#8220; header_font_size=&#8220;60px&#8220; header_line_height=&#8220;1.2em&#8220; custom_margin=&#8220;|||&#8220; text_font_size_tablet=&#8220;&#8220; text_font_size_phone=&#8220;16px&#8220; text_font_size_last_edited=&#8220;on|phone&#8220; header_font_size_tablet=&#8220;50px&#8220; header_font_size_phone=&#8220;40px&#8220; header_font_size_last_edited=&#8220;on|phone&#8220; locked=&#8220;off&#8220; global_colors_info=&#8220;{}&#8220;]<\/p>\n<h1>R\u00fcckblick und Danksagung<\/h1>\n<p>[\/et_pb_text][et_pb_text _builder_version=&#8220;4.18.0&#8243; text_font=&#8220;||||||||&#8220; text_font_size=&#8220;18px&#8220; text_line_height=&#8220;2em&#8220; header_font=&#8220;Cormorant Garamond|700|||||||&#8220; header_font_size=&#8220;25px&#8220; header_line_height=&#8220;1.2em&#8220; custom_margin=&#8220;|||&#8220; text_font_size_tablet=&#8220;&#8220; text_font_size_phone=&#8220;16px&#8220; text_font_size_last_edited=&#8220;on|phone&#8220; header_font_size_tablet=&#8220;25px&#8220; header_font_size_phone=&#8220;21px&#8220; header_font_size_last_edited=&#8220;on|tablet&#8220; locked=&#8220;off&#8220; global_colors_info=&#8220;{}&#8220;]<\/p>\n<h1><strong>\u201eOldtimertraktoren- und Dampfmaschinenschau\u201c <\/strong><strong>in Beselich-Niedertiefenbach<br \/>vom 1. \u2013 2. Juni 2024 <\/strong><strong>am <\/strong><strong>\u201e<\/strong><strong>Historischen Agritechnikum<\/strong><strong>\u201c<\/strong><\/h1>\n<p>[\/et_pb_text][\/et_pb_column][et_pb_column type=&#8220;1_4&#8243; _builder_version=&#8220;4.16&#8243; _module_preset=&#8220;default&#8220; global_colors_info=&#8220;{}&#8220;][et_pb_image src=&#8220;https:\/\/ackerkralle.de\/wp-content\/uploads\/2024\/04\/tca-Fest-24-Plakat.jpg&#8220; title_text=&#8220;tca-Fest-24-Plakat&#8220; show_in_lightbox=&#8220;on&#8220; _builder_version=&#8220;4.18.0&#8243; _module_preset=&#8220;default&#8220; custom_margin=&#8220;-189px||||false|false&#8220; custom_margin_tablet=&#8220;5px||||false|false&#8220; custom_margin_phone=&#8220;&#8220; custom_margin_last_edited=&#8220;on|tablet&#8220; animation_style=&#8220;slide&#8220; animation_direction=&#8220;left&#8220; animation_intensity_slide=&#8220;82%&#8220; box_shadow_style=&#8220;preset3&#8243; global_colors_info=&#8220;{}&#8220;][\/et_pb_image][\/et_pb_column][\/et_pb_row][\/et_pb_section][et_pb_section fb_built=&#8220;1&#8243; next_background_color=&#8220;#ffffff&#8220; _builder_version=&#8220;4.16&#8243; _module_preset=&#8220;default&#8220; background_color=&#8220;rgba(0,0,0,0.08)&#8220; custom_margin=&#8220;16px|||||&#8220; custom_padding=&#8220;4px||18px|||&#8220; bottom_divider_style=&#8220;mountains2&#8243; bottom_divider_height=&#8220;259px&#8220; global_colors_info=&#8220;{}&#8220;][et_pb_row column_structure=&#8220;1_5,1_5,1_5,1_5,1_5&#8243; use_custom_gutter=&#8220;on&#8220; gutter_width=&#8220;1&#8243; _builder_version=&#8220;4.16&#8243; _module_preset=&#8220;default&#8220; background_color=&#8220;RGBA(0,0,0,0)&#8220; max_width=&#8220;100%&#8220; animation_style=&#8220;slide&#8220; animation_direction=&#8220;left&#8220; global_colors_info=&#8220;{}&#8220;][et_pb_column type=&#8220;1_5&#8243; _builder_version=&#8220;4.16&#8243; _module_preset=&#8220;default&#8220; global_colors_info=&#8220;{}&#8220;][et_pb_image src=&#8220;https:\/\/ackerkralle.de\/wp-content\/uploads\/2021\/03\/K800_tca_Fest_2018_Anhaenger_mit_Geraeten-1.jpg&#8220; alt=&#8220;Fest 2018&#8243; title_text=&#8220;K800_tca_Fest_2018_Anhaenger_mit_Geraeten-1&#8243; _builder_version=&#8220;4.16&#8243; _module_preset=&#8220;default&#8220; border_radii=&#8220;off||||50px&#8220; box_shadow_style=&#8220;preset3&#8243; global_colors_info=&#8220;{}&#8220;][\/et_pb_image][\/et_pb_column][et_pb_column type=&#8220;1_5&#8243; _builder_version=&#8220;4.16&#8243; _module_preset=&#8220;default&#8220; global_colors_info=&#8220;{}&#8220;][et_pb_image src=&#8220;https:\/\/ackerkralle.de\/wp-content\/uploads\/2021\/03\/K800_tca_Fest_2018_Ballenpresse_1.jpg&#8220; title_text=&#8220;K800_tca_Fest_2018_Ballenpresse_1&#8243; _builder_version=&#8220;4.16&#8243; _module_preset=&#8220;default&#8220; global_colors_info=&#8220;{}&#8220;][\/et_pb_image][\/et_pb_column][et_pb_column type=&#8220;1_5&#8243; _builder_version=&#8220;4.16&#8243; _module_preset=&#8220;default&#8220; global_colors_info=&#8220;{}&#8220;][et_pb_image src=&#8220;https:\/\/ackerkralle.de\/wp-content\/uploads\/2021\/03\/K800_tca_Fest_2018_Schmiedeclub_2.jpg&#8220; title_text=&#8220;K800_tca_Fest_2018_Schmiedeclub_2&#8243; _builder_version=&#8220;4.16&#8243; _module_preset=&#8220;default&#8220; global_colors_info=&#8220;{}&#8220;][\/et_pb_image][\/et_pb_column][et_pb_column type=&#8220;1_5&#8243; _builder_version=&#8220;4.16&#8243; _module_preset=&#8220;default&#8220; global_colors_info=&#8220;{}&#8220;][et_pb_image src=&#8220;https:\/\/ackerkralle.de\/wp-content\/uploads\/2021\/03\/K800_tca_Fest_2018_Tim_Koch_auf_Renault2.jpg&#8220; title_text=&#8220;K800_tca_Fest_2018_Tim_Koch_auf_Renault2&#8243; _builder_version=&#8220;4.16&#8243; _module_preset=&#8220;default&#8220; global_colors_info=&#8220;{}&#8220;][\/et_pb_image][\/et_pb_column][et_pb_column type=&#8220;1_5&#8243; _builder_version=&#8220;4.16&#8243; _module_preset=&#8220;default&#8220; global_colors_info=&#8220;{}&#8220;][et_pb_image src=&#8220;https:\/\/ackerkralle.de\/wp-content\/uploads\/2021\/03\/K800_tca_Fest_2018_Ochse_11.jpg&#8220; title_text=&#8220;K800_tca_Fest_2018_Ochse_11&#8243; _builder_version=&#8220;4.16&#8243; _module_preset=&#8220;default&#8220; border_radii=&#8220;off||50px||&#8220; box_shadow_style=&#8220;preset3&#8243; global_colors_info=&#8220;{}&#8220;][\/et_pb_image][\/et_pb_column][\/et_pb_row][\/et_pb_section][et_pb_section fb_built=&#8220;1&#8243; specialty=&#8220;on&#8220; _builder_version=&#8220;4.16&#8243; _module_preset=&#8220;default&#8220; custom_padding=&#8220;15px|||||&#8220; global_colors_info=&#8220;{}&#8220;][et_pb_column type=&#8220;3_4&#8243; specialty_columns=&#8220;3&#8243; _builder_version=&#8220;4.16&#8243; custom_padding=&#8220;|||&#8220; global_colors_info=&#8220;{}&#8220; custom_padding__hover=&#8220;|||&#8220;][et_pb_row_inner _builder_version=&#8220;4.16&#8243; _module_preset=&#8220;default&#8220; global_colors_info=&#8220;{}&#8220;][et_pb_column_inner saved_specialty_column_type=&#8220;3_4&#8243; _builder_version=&#8220;4.16&#8243; _module_preset=&#8220;default&#8220; global_colors_info=&#8220;{}&#8220;][et_pb_text _builder_version=&#8220;4.18.0&#8243; text_font=&#8220;Arial||||||||&#8220; text_font_size=&#8220;17px&#8220; header_font=&#8220;Cormorant Garamond|700|||||||&#8220; header_font_size=&#8220;25px&#8220; header_line_height=&#8220;1.2em&#8220; custom_margin=&#8220;|||&#8220; text_font_size_tablet=&#8220;&#8220; text_font_size_phone=&#8220;16px&#8220; text_font_size_last_edited=&#8220;on|phone&#8220; header_font_size_tablet=&#8220;25px&#8220; header_font_size_phone=&#8220;21px&#8220; header_font_size_last_edited=&#8220;on|desktop&#8220; locked=&#8220;off&#8220; global_colors_info=&#8220;{}&#8220;]<\/p>\n<h1><strong>Zun\u00e4chst einmal m\u00f6chte sich der Vorstand sehr herzlich f\u00fcr die gelungene Veranstaltung bei allen, die dazu beigetragen haben, bedanken:<\/strong><\/h1>\n<p class=\"p2\">Dem Schirmherrn Landrat Michael K\u00f6berle, allen aktiven und teilweise von weither per Achse angereisten Teilnehmern, den Besuchern und Ehreng\u00e4sten, Ausstellern und H\u00e4ndlern, \u00fcber 100 ehrenamtlich t\u00e4tigen HelferInnen und Mitgliedern und in erster Linie unseren flei\u00dfigen Damen hinter der Kuchentheke daf\u00fcr, dass Kaffee und Kuchen ausreichend bis zum Schluss der Veranstaltung vorhanden waren. Unglaublich auch die Vielzahl an Kuchenspenden, welche von den Frauen und Partnerinnen unserer Mitglieder angeliefert worden waren. Einen ganz herzlichen Dank daf\u00fcr!<span class=\"Apple-converted-space\">\u00a0<\/span><\/p>\n<p class=\"p2\">Weiterhin bedanken wir uns bei dem Sch\u00fctzenverein 1994 Beselich e.V. und dem Fanclub EFC \u201eEintracht Adler\u201c f\u00fcr hervorragenden Thekendienst, den KellnerInnen um Ina Jirasek, sowie bei allen Mandatstr\u00e4gern, wie Landrat Michael K\u00f6berle und B\u00fcrgermeister Michael Franz, die am sonnt\u00e4glichen Rundgang teilgenommen und uns Spenden \u00fcberbracht oder Gr\u00fc\u00dfe zum guten Gelingen \u00fcbermittelt hatten, sowie bei allen Sponsoren, der Gemeinde Beselich f\u00fcr die zahlreichen Gestattungen inkl. Logistik sowie die Verkehrs- und Parkplatzregelung, den Mitarbeitern des Bauhofs Beselich, den Mitgliedern der Freiwilligen Feuerwehr Niedertiefenbach, den Landwirten f\u00fcr die \u00dcberlassung eines Teils des Veranstaltungsgel\u00e4ndes und der Aufstellung von Werbetransparenten, den Pressevertretern der einheimischen Presse: Nassauische Neue Presse NNP, Weilburger Tageblatt, Rhein-Lahn-Zeitung Diez, Beselicher Wochenspiegel, Lokalanzeiger \u201eLahn-Post\u201c, den Grundst\u00fccksnachbarn des Festgel\u00e4ndes, den Bewachern des Festplatzes, allen Einwohnern von Niedertiefenbach, besonders den Anwohnern des Hullerweges, dem MSC \u201eCrazy Horses\u201c e.V. aus Steeden f\u00fcr Parkplatzeinweisung und Ordnungsdienste, dem Toilettendienst Fam. Schallenberg aus Niederhadamar, der Firma Mobile Gastronomie Melanie Klein aus Kruft \/Rheinland-Pfalz f\u00fcr die Bewirtung, der Fa. Getr\u00e4nke Herzberg f\u00fcr gro\u00dfz\u00fcgige Unterst\u00fctzung, Andre Schwarz und Patrick Speth f\u00fcr den Aufbau der B\u00fchne und Tontechnik, dem Gulaschkanonenteam um \u201eBobo\u201c, Frank Liesenfeld und Team f\u00fcr Sanit\u00e4tsdienst und Verkauf von Vereinsartikeln, dem Containerdienst Helmut Gotthardt, allen Firmen welche Zeitungsannoncen aufgegeben hatten, sowie dem DJ Tobbi f\u00fcr einen fantastischen Samstagabend.<span class=\"Apple-converted-space\">\u00a0<\/span><\/p>\n<p class=\"p2\"><strong>Besonderer Dank gilt auch f\u00fcr folgende Darbietungen:<span class=\"Apple-converted-space\">\u00a0<\/span><\/strong><\/p>\n<ul>\n<li class=\"p3\">Strohseilerei des Ehepaars Vetter aus Ubstadt\/Bad.W\u00fcrtt.<span class=\"Apple-converted-space\">\u00a0<\/span><\/li>\n<li class=\"p3\">Schmiedevorf\u00fchrungen des Schmiedeclubs Weltersburg\/Ww.<span class=\"Apple-converted-space\">\u00a0<\/span><\/li>\n<li class=\"p3\">Fam. Wenzel aus Hatzfeld mit dem Kinder-4Rad-Motocross Parcours<span class=\"Apple-converted-space\">\u00a0<\/span><\/li>\n<li class=\"p3\">Karussell der Fam. Bernd Stein aus Eschhofen-M\u00fchlen<span class=\"Apple-converted-space\">\u00a0<\/span><\/li>\n<li class=\"p2\">Alte Feuerwehrspritze von Ernst Blasius aus Hermeskeil<span class=\"Apple-converted-space\">\u00a0<\/span><\/li>\n<\/ul>\n<p class=\"p2\">Sollte bei dieser Aufz\u00e4hlung jemand, der zum Gelingen der Veranstaltung beigetragen hat, nicht erw\u00e4hnt worden sein, so bitten wir das zu entschuldigen.<span class=\"Apple-converted-space\">\u00a0<\/span><\/p>\n<p class=\"p2\">Bei unbest\u00e4ndigem Wetter, teilweise kurzer, heftiger Regen am Samstag und trockenem Wetter am Sonntag kamen wieder sehr viele Besucher nach Beselich- Niedertiefenbach, obwohl das Festgel\u00e4nde teilweise nur mit gutem Schuhwerk zu<span class=\"Apple-converted-space\">\u00a0<\/span><\/p>\n<p class=\"p2\">begehen war. Vor 2 Jahren hingegen war sch\u00f6nes, extrem hei\u00dfes Wetter bis zu knapp 40\u00b0 Celsius am gesamten Wochenende.<span class=\"Apple-converted-space\">\u00a0<\/span><\/p>\n<p class=\"p2\">Zusammen mit dem Schirmherrn konnten zahlreiche Mandatstr\u00e4ger bei einem Rundgang am Sonntagvormittag einen Ausflug in die landwirtschaftliche Vergangenheit erleben. Dampfmaschinen aus dem letzten und vorletzten Jahrhundert trieben zusammen mit alten Traktoren, Dreschmaschinen, Schmiedeh\u00e4mmer, Steinbrecher, Anmachholz-Hackmaschine und Buschhacker an.<span class=\"Apple-converted-space\">\u00a0<\/span><\/p>\n<p class=\"p2\">Die Feldbahn zog wieder mit schweren Steinen beladene Loren. Eine Lore wurde zum Personentransport umgebaut. Ein Steinbrecher brach die Steine zu Schotter, der \u00fcber ein F\u00f6rderband auf Loren verladen und danach auf eine Halde abgekippt wurde.<span class=\"Apple-converted-space\">\u00a0<\/span><\/p>\n<p class=\"p2\">Sehr gro\u00dfes Interesse fanden auch die Live-Darbietungen des befreundeten Schmiedeclubs aus Weltersburg im Westerwald. Das Schmiedefeuer gl\u00fchte, und es wurde den ganzen Tag \u00fcber bei hohen Au\u00dfentemperaturen bis 40\u00b0 C geschmiedet.<span class=\"Apple-converted-space\">\u00a0<\/span><\/p>\n<p class=\"p2\">\u00dcber 200 alte und seltene Traktoren, Einachser, Station\u00e4rmotoren, sowie Lkw fanden den oft weiten Weg nach Niedertiefenbach.<span class=\"Apple-converted-space\">\u00a0<\/span><\/p>\n<p class=\"p2\">Gut 30 Oldtimertraktoren- und Landwirtschaftsclubs aus der n\u00e4heren Umgebung, dem gesamten Bundesgebiet, waren als aktive Teilnehmer oder Besucher zugegen und sind meist per Achse angereist.<span class=\"Apple-converted-space\">\u00a0<\/span><\/p>\n<p class=\"p2\">Wer Ersatzteile f\u00fcr seinen Lanz-Bulldog oder Literatur f\u00fcr Schlepper suchte, wurde bei den anwesenden H\u00e4ndlern f\u00fcndig.<span class=\"Apple-converted-space\">\u00a0<\/span><\/p>\n<p class=\"p2\">Die Kleinen und Gro\u00dfen durften gratis mit dem \u00e4u\u00dferst beliebten Traktor-Kinder-Express fahren.<span class=\"Apple-converted-space\">\u00a0<\/span><\/p>\n<p class=\"p2\">Am Samstagabend zur \u201eTreckerparty\u201c war die Halle gut belegt. Mit DJ Tobbi feierte man bei ausgelassener Stimmung bis in die fr\u00fchen Morgenstunden.<span class=\"Apple-converted-space\">\u00a0<\/span><\/p>\n<p class=\"p2\">Der Club m\u00f6chte sich nochmals herzlich f\u00fcr die Spenden des Schirmherrn, der Mandatstr\u00e4ger, sowie der Kreissparkasse Weilburg, der Nassauischen Sparkasse und der Volksbank Schupbach bedanken.<span class=\"Apple-converted-space\">\u00a0<\/span><\/p>\n<p class=\"p2\">Auch den Sponsoren sei durch ihre Inserate herzlich gedankt.<span class=\"Apple-converted-space\">\u00a0<\/span><\/p>\n<p class=\"p2\">Vielen Dank an alle, die zu diesem wunderbaren Fest beigetragen haben.<span class=\"Apple-converted-space\">\u00a0<\/span><\/p>\n<p class=\"p2\">Bis zur n\u00e4chsten \u201eOldtimertraktoren- und Dampfmaschinenschau\u201c!<span class=\"Apple-converted-space\">\u00a0<\/span><\/p>\n<p class=\"p2\">Der Vorstand, Robert Geyer<span class=\"Apple-converted-space\">\u00a0<\/span><\/p>\n<p>&nbsp;<\/p>\n<p>[\/et_pb_text][\/et_pb_column_inner][\/et_pb_row_inner][\/et_pb_column][et_pb_column type=&#8220;1_4&#8243; _builder_version=&#8220;4.16&#8243; custom_padding=&#8220;|||&#8220; global_colors_info=&#8220;{}&#8220; custom_padding__hover=&#8220;|||&#8220;][et_pb_image src=&#8220;https:\/\/ackerkralle.de\/wp-content\/uploads\/2021\/03\/K800_tca_Fest_2018_Imbisshuette3.jpg&#8220; title_text=&#8220;K800_tca_Fest_2018_Imbisshuette3&#8243; show_in_lightbox=&#8220;on&#8220; _builder_version=&#8220;4.16&#8243; _module_preset=&#8220;default&#8220; animation_style=&#8220;zoom&#8220; animation_intensity_zoom=&#8220;80%&#8220; box_shadow_style=&#8220;preset3&#8243; global_colors_info=&#8220;{}&#8220;][\/et_pb_image][et_pb_image src=&#8220;https:\/\/ackerkralle.de\/wp-content\/uploads\/2021\/03\/K800_tca_Fest_2018_Kinderexpress.jpg&#8220; title_text=&#8220;K800_tca_Fest_2018_Kinderexpress&#8220; show_in_lightbox=&#8220;on&#8220; _builder_version=&#8220;4.16&#8243; _module_preset=&#8220;default&#8220; animation_style=&#8220;zoom&#8220; animation_intensity_zoom=&#8220;80%&#8220; global_colors_info=&#8220;{}&#8220;][\/et_pb_image][et_pb_image src=&#8220;https:\/\/ackerkralle.de\/wp-content\/uploads\/2021\/03\/K800_tca_Fest_2018_Karussell2.jpg&#8220; title_text=&#8220;K800_tca_Fest_2018_Karussell2&#8243; show_in_lightbox=&#8220;on&#8220; _builder_version=&#8220;4.16&#8243; _module_preset=&#8220;default&#8220; animation_style=&#8220;zoom&#8220; animation_intensity_zoom=&#8220;80%&#8220; global_colors_info=&#8220;{}&#8220;][\/et_pb_image][et_pb_image src=&#8220;https:\/\/ackerkralle.de\/wp-content\/uploads\/2021\/03\/K800_tca_Fest_2018_Erntewagen.jpg&#8220; title_text=&#8220;K800_tca_Fest_2018_Erntewagen&#8220; show_in_lightbox=&#8220;on&#8220; _builder_version=&#8220;4.16&#8243; _module_preset=&#8220;default&#8220; animation_style=&#8220;zoom&#8220; animation_intensity_zoom=&#8220;80%&#8220; border_radii=&#8220;off|||50px|&#8220; box_shadow_style=&#8220;preset3&#8243; global_colors_info=&#8220;{}&#8220;][\/et_pb_image][\/et_pb_column][\/et_pb_section][et_pb_section fb_built=&#8220;1&#8243; custom_padding_last_edited=&#8220;on|tablet&#8220; admin_label=&#8220;Planning&#8220; _builder_version=&#8220;4.16&#8243; use_background_color_gradient=&#8220;on&#8220; background_color_gradient_direction=&#8220;90deg&#8220; background_color_gradient_stops=&#8220;#1e4278 0%|rgba(30,66,120,0.1) 100%&#8220; background_color_gradient_overlays_image=&#8220;on&#8220; background_color_gradient_start=&#8220;#1e4278&#8243; background_color_gradient_end=&#8220;rgba(30,66,120,0.1)&#8220; background_image=&#8220;https:\/\/ackerkralle.de\/wp-content\/uploads\/2021\/03\/funeral-home-image-34.jpg&#8220; max_width=&#8220;85%&#8220; max_width_tablet=&#8220;95%&#8220; max_width_phone=&#8220;&#8220; max_width_last_edited=&#8220;on|tablet&#8220; module_alignment=&#8220;right&#8220; custom_padding=&#8220;||100px||false|false&#8220; custom_padding_tablet=&#8220;||40px||false&#8220; custom_padding_phone=&#8220;||||false&#8220; animation_style=&#8220;zoom&#8220; animation_direction=&#8220;right&#8220; animation_intensity_zoom=&#8220;2%&#8220; border_radii=&#8220;off|20vw|||&#8220; box_shadow_style=&#8220;preset6&#8243; box_shadow_blur=&#8220;200px&#8220; box_shadow_color=&#8220;rgba(0,0,0,0.22)&#8220; locked=&#8220;off&#8220; global_colors_info=&#8220;{}&#8220;][et_pb_row _builder_version=&#8220;4.16&#8243; _module_preset=&#8220;default&#8220; locked=&#8220;off&#8220; global_colors_info=&#8220;{}&#8220;][et_pb_column type=&#8220;4_4&#8243; _builder_version=&#8220;4.16&#8243; _module_preset=&#8220;default&#8220; global_colors_info=&#8220;{}&#8220;][et_pb_text _builder_version=&#8220;4.18.0&#8243; text_font=&#8220;||||||||&#8220; text_font_size=&#8220;18px&#8220; text_line_height=&#8220;2em&#8220; header_font=&#8220;Georgia||||||||&#8220; header_text_color=&#8220;#FFFFFF&#8220; header_font_size=&#8220;60px&#8220; header_line_height=&#8220;1.2em&#8220; custom_margin=&#8220;|||&#8220; text_font_size_tablet=&#8220;&#8220; text_font_size_phone=&#8220;16px&#8220; text_font_size_last_edited=&#8220;on|phone&#8220; header_font_size_tablet=&#8220;50px&#8220; header_font_size_phone=&#8220;40px&#8220; header_font_size_last_edited=&#8220;on|phone&#8220; locked=&#8220;off&#8220; global_colors_info=&#8220;{}&#8220;]<\/p>\n<h1>Fotoalbum vom Fest 2024<\/h1>\n<p>[\/et_pb_text][et_pb_gallery gallery_ids=&#8220;1285,1286,1287,1288,1289,1290,1291,1292,1293,1294,1295,1296,1297,1298,1299,1300,1301,1302,1303,1304,1305,1306,1307,1308,1309,1310,1311,1312,1313,1314,1315,1316,1317,1318,1319,1320,1321,1322,1323,1324,1325,1326,1327,1328,1329,1330,1331,1332,1333,1334,1335,1336,1337,1338,1339,1340,1341,1342,1343,1344,1345,1346,1347,1348,1349,1350,1351,1352,1353,1354,1355,1356,1357,1358,1359,1360,1361,1362,1363,1364,1365,1366,1367,1368,1369,1370,1371,1372,1373&#8243; _builder_version=&#8220;4.18.0&#8243; _module_preset=&#8220;default&#8220; title_text_color=&#8220;#FFFFFF&#8220; caption_text_color=&#8220;#FFFFFF&#8220; pagination_text_color=&#8220;#FFFFFF&#8220; global_colors_info=&#8220;{}&#8220;][\/et_pb_gallery][\/et_pb_column][\/et_pb_row][\/et_pb_section][et_pb_section fb_built=&#8220;1&#8243; custom_padding_last_edited=&#8220;on|tablet&#8220; admin_label=&#8220;Planning&#8220; _builder_version=&#8220;4.16&#8243; background_color_gradient_direction=&#8220;90deg&#8220; background_enable_image=&#8220;off&#8220; max_width=&#8220;85%&#8220; max_width_tablet=&#8220;95%&#8220; max_width_phone=&#8220;&#8220; max_width_last_edited=&#8220;on|tablet&#8220; module_alignment=&#8220;left&#8220; custom_padding=&#8220;||100px||false|false&#8220; custom_padding_tablet=&#8220;||40px||false&#8220; custom_padding_phone=&#8220;||||false&#8220; animation_style=&#8220;zoom&#8220; animation_direction=&#8220;right&#8220; animation_intensity_zoom=&#8220;2%&#8220; border_radii=&#8220;off|||20vw|&#8220; box_shadow_style=&#8220;preset6&#8243; box_shadow_blur=&#8220;200px&#8220; box_shadow_color=&#8220;rgba(0,0,0,0.22)&#8220; locked=&#8220;off&#8220; global_colors_info=&#8220;{}&#8220;][et_pb_row _builder_version=&#8220;4.16&#8243; _module_preset=&#8220;default&#8220; global_colors_info=&#8220;{}&#8220;][et_pb_column type=&#8220;4_4&#8243; _builder_version=&#8220;4.16&#8243; _module_preset=&#8220;default&#8220; global_colors_info=&#8220;{}&#8220;][et_pb_text _builder_version=&#8220;4.18.0&#8243; text_font=&#8220;||||||||&#8220; text_font_size=&#8220;18px&#8220; text_line_height=&#8220;2em&#8220; header_font=&#8220;Georgia||||||||&#8220; header_text_color=&#8220;#666666&#8243; header_font_size=&#8220;60px&#8220; header_line_height=&#8220;1.2em&#8220; custom_margin=&#8220;|||&#8220; text_font_size_tablet=&#8220;&#8220; text_font_size_phone=&#8220;16px&#8220; text_font_size_last_edited=&#8220;on|phone&#8220; header_font_size_tablet=&#8220;50px&#8220; header_font_size_phone=&#8220;40px&#8220; header_font_size_last_edited=&#8220;on|phone&#8220; locked=&#8220;off&#8220; global_colors_info=&#8220;{}&#8220;]<\/p>\n<h1>Fotoalbum vom Fest 2022<\/h1>\n<p>[\/et_pb_text][et_pb_gallery gallery_ids=&#8220;1057,1058,1059,1060,1061,1062,1063,1064,1065,1066,1067,1068,1069,1070,1071,1072,1073,1074,1075,1076,1077,1078,1079,1080,1081,1082,1083,1084,1085,1086,1087,1088,1089,1090,1091,1092,1093,1094,1095,1096,1097,1098,1099,1100,1101,1102,1103,1104,1105,1106,1107,1108,1109,1110&#8243; _builder_version=&#8220;4.17.3&#8243; _module_preset=&#8220;default&#8220; global_colors_info=&#8220;{}&#8220;][\/et_pb_gallery][\/et_pb_column][\/et_pb_row][\/et_pb_section][et_pb_section fb_built=&#8220;1&#8243; custom_padding_last_edited=&#8220;on|tablet&#8220; admin_label=&#8220;Planning&#8220; _builder_version=&#8220;4.16&#8243; use_background_color_gradient=&#8220;on&#8220; background_color_gradient_direction=&#8220;90deg&#8220; background_color_gradient_stops=&#8220;#1e4278 0%|rgba(30,66,120,0.1) 100%&#8220; background_color_gradient_overlays_image=&#8220;on&#8220; background_color_gradient_start=&#8220;#1e4278&#8243; background_color_gradient_end=&#8220;rgba(30,66,120,0.1)&#8220; background_image=&#8220;https:\/\/ackerkralle.de\/wp-content\/uploads\/2021\/03\/funeral-home-image-34.jpg&#8220; max_width=&#8220;85%&#8220; max_width_tablet=&#8220;95%&#8220; max_width_phone=&#8220;&#8220; max_width_last_edited=&#8220;on|tablet&#8220; module_alignment=&#8220;right&#8220; custom_padding=&#8220;||100px||false|false&#8220; custom_padding_tablet=&#8220;||40px||false&#8220; custom_padding_phone=&#8220;||||false&#8220; animation_style=&#8220;zoom&#8220; animation_direction=&#8220;right&#8220; animation_intensity_zoom=&#8220;2%&#8220; border_radii=&#8220;off|20vw|||&#8220; box_shadow_style=&#8220;preset6&#8243; box_shadow_blur=&#8220;200px&#8220; box_shadow_color=&#8220;rgba(0,0,0,0.22)&#8220; locked=&#8220;off&#8220; global_colors_info=&#8220;{}&#8220;][et_pb_row _builder_version=&#8220;4.16&#8243; _module_preset=&#8220;default&#8220; locked=&#8220;off&#8220; global_colors_info=&#8220;{}&#8220;][et_pb_column type=&#8220;4_4&#8243; _builder_version=&#8220;4.16&#8243; _module_preset=&#8220;default&#8220; global_colors_info=&#8220;{}&#8220;][et_pb_text _builder_version=&#8220;4.18.0&#8243; text_font=&#8220;||||||||&#8220; text_font_size=&#8220;18px&#8220; text_line_height=&#8220;2em&#8220; header_font=&#8220;Georgia||||||||&#8220; header_text_color=&#8220;#FFFFFF&#8220; header_font_size=&#8220;60px&#8220; header_line_height=&#8220;1.2em&#8220; custom_margin=&#8220;|||&#8220; text_font_size_tablet=&#8220;&#8220; text_font_size_phone=&#8220;16px&#8220; text_font_size_last_edited=&#8220;on|phone&#8220; header_font_size_tablet=&#8220;50px&#8220; header_font_size_phone=&#8220;40px&#8220; header_font_size_last_edited=&#8220;on|phone&#8220; locked=&#8220;off&#8220; global_colors_info=&#8220;{}&#8220;]<\/p>\n<h1>Fotoalbum vom Fest 2018<\/h1>\n<p>[\/et_pb_text][et_pb_gallery gallery_ids=&#8220;133,134,135,136,137,138,139,140,141,142,143,144,145,146,147,148,149,150,151,152,153,154,155,156,157,158,159,160,161,162,163,164,165,166,167,168,169,170,171,172,173,174,175,176,177,178,179,180,181&#8243; _builder_version=&#8220;4.16&#8243; _module_preset=&#8220;default&#8220; title_text_color=&#8220;#FFFFFF&#8220; title_font_size=&#8220;12px&#8220; title_line_height=&#8220;1.5em&#8220; pagination_text_color=&#8220;#FFFFFF&#8220; global_colors_info=&#8220;{}&#8220;][\/et_pb_gallery][\/et_pb_column][\/et_pb_row][\/et_pb_section][et_pb_section fb_built=&#8220;1&#8243; custom_padding_last_edited=&#8220;on|tablet&#8220; admin_label=&#8220;Planning&#8220; _builder_version=&#8220;4.17.3&#8243; background_color_gradient_direction=&#8220;90deg&#8220; background_enable_image=&#8220;off&#8220; max_width=&#8220;100%&#8220; max_width_tablet=&#8220;95%&#8220; max_width_phone=&#8220;&#8220; max_width_last_edited=&#8220;on|tablet&#8220; module_alignment=&#8220;left&#8220; custom_padding=&#8220;||100px||false|false&#8220; custom_padding_tablet=&#8220;||40px||false&#8220; custom_padding_phone=&#8220;||||false&#8220; animation_style=&#8220;zoom&#8220; animation_direction=&#8220;right&#8220; animation_intensity_zoom=&#8220;2%&#8220; border_radii=&#8220;off|||0vw|&#8220; box_shadow_style=&#8220;preset6&#8243; box_shadow_blur=&#8220;200px&#8220; box_shadow_color=&#8220;rgba(0,0,0,0.22)&#8220; locked=&#8220;off&#8220; global_colors_info=&#8220;{}&#8220;][et_pb_row _builder_version=&#8220;4.16&#8243; _module_preset=&#8220;default&#8220; global_colors_info=&#8220;{}&#8220;][et_pb_column type=&#8220;4_4&#8243; _builder_version=&#8220;4.16&#8243; _module_preset=&#8220;default&#8220; global_colors_info=&#8220;{}&#8220;][et_pb_text _builder_version=&#8220;4.18.0&#8243; text_font=&#8220;||||||||&#8220; text_font_size=&#8220;18px&#8220; text_line_height=&#8220;2em&#8220; header_font=&#8220;Cormorant Garamond|700|||||||&#8220; header_text_color=&#8220;#666666&#8243; header_font_size=&#8220;60px&#8220; header_line_height=&#8220;1.2em&#8220; custom_margin=&#8220;|||&#8220; text_font_size_tablet=&#8220;&#8220; text_font_size_phone=&#8220;16px&#8220; text_font_size_last_edited=&#8220;on|phone&#8220; header_font_size_tablet=&#8220;50px&#8220; header_font_size_phone=&#8220;40px&#8220; header_font_size_last_edited=&#8220;on|phone&#8220; locked=&#8220;off&#8220; global_colors_info=&#8220;{}&#8220;]<\/p>\n<h1>Fotoalbum vom Fest 2016<\/h1>\n<p>[\/et_pb_text][et_pb_gallery gallery_ids=&#8220;192,194,191,193,195,196,197,200,198,199,201,202,204,205,203,206,207,208,209,210,211,212,213,214,215,216,218,217,219,220,222,221,223,224,225,226,228,227,229,230,231,232,233,234,235,236,237,238,239,240,241,242,243,244,245,246,248,247,249,250,251,252,253,254,255,256,257,258,259,190,327,326,325,324,323,322,321,320,319,318,317,316,315,314,313,312,311,310,309,308,307,306,305,304,303,302,301,300,299,298,297,296,295,294,293,292,291,290,289,288,287,286,285,284,283,282,281,280,279,278,277,276,275,274,273,272,271,270,269,268,267,266,265,264,263,262,261,260&#8243; _builder_version=&#8220;4.16&#8243; _module_preset=&#8220;default&#8220; title_text_color=&#8220;#ffffff&#8220; title_font_size=&#8220;13px&#8220; title_line_height=&#8220;1.3em&#8220; pagination_text_color=&#8220;#565656&#8243; global_colors_info=&#8220;{}&#8220;][\/et_pb_gallery][\/et_pb_column][\/et_pb_row][\/et_pb_section][et_pb_section fb_built=&#8220;1&#8243; _builder_version=&#8220;4.16&#8243; _module_preset=&#8220;default&#8220; global_colors_info=&#8220;{}&#8220;][\/et_pb_section][et_pb_section fb_built=&#8220;1&#8243; _builder_version=&#8220;4.27.4&#8243; _module_preset=&#8220;default&#8220; background_color=&#8220;#e2e2e2&#8243; custom_padding=&#8220;3px||10px|||&#8220; top_divider_style=&#8220;wave2&#8243; top_divider_color=&#8220;rgba(158,158,158,0.14)&#8220; top_divider_height=&#8220;370px&#8220; link_option_url=&#8220;https:\/\/bulldogpress.de\/&#8220; link_option_url_new_window=&#8220;on&#8220; locked=&#8220;off&#8220; global_colors_info=&#8220;{}&#8220;][et_pb_row column_structure=&#8220;1_5,3_5,1_5&#8243; _builder_version=&#8220;4.27.4&#8243; _module_preset=&#8220;default&#8220; min_height=&#8220;300px&#8220; height=&#8220;300px&#8220; custom_padding=&#8220;||14px|||&#8220; link_option_url=&#8220;https:\/\/bulldogpress.de\/&#8220; link_option_url_new_window=&#8220;on&#8220; global_colors_info=&#8220;{}&#8220;][et_pb_column type=&#8220;1_5&#8243; _builder_version=&#8220;4.16&#8243; _module_preset=&#8220;default&#8220; global_colors_info=&#8220;{}&#8220;][et_pb_image src=&#8220;https:\/\/ackerkralle.de\/wp-content\/uploads\/2021\/03\/bulldogpress.jpg&#8220; title_text=&#8220;bulldogpress&#8220; url=&#8220;https:\/\/bulldogpress.de\/&#8220; url_new_window=&#8220;on&#8220; _builder_version=&#8220;4.27.4&#8243; _module_preset=&#8220;default&#8220; box_shadow_style=&#8220;preset3&#8243; global_colors_info=&#8220;{}&#8220;][\/et_pb_image][\/et_pb_column][et_pb_column type=&#8220;3_5&#8243; _builder_version=&#8220;4.16&#8243; _module_preset=&#8220;default&#8220; global_colors_info=&#8220;{}&#8220;][et_pb_text _builder_version=&#8220;4.27.4&#8243; _module_preset=&#8220;default&#8220; text_font=&#8220;Arial||||||||&#8220; text_font_size=&#8220;19px&#8220; header_2_font=&#8220;Arial|600|||||||&#8220; header_2_font_size=&#8220;29px&#8220; header_2_line_height=&#8220;1.4em&#8220; link_option_url=&#8220;https:\/\/bulldogpress.de\/&#8220; link_option_url_new_window=&#8220;on&#8220; text_text_color_tablet=&#8220;#FFFFFF&#8220; text_text_color_phone=&#8220;#FFFFFF&#8220; text_text_color_last_edited=&#8220;on|desktop&#8220; header_2_text_color_tablet=&#8220;#FFFFFF&#8220; header_2_text_color_phone=&#8220;#FFFFFF&#8220; header_2_text_color_last_edited=&#8220;on|tablet&#8220; global_colors_info=&#8220;{}&#8220;]<\/p>\n<h2><span>HOCHWERTIGE FACHLITERATUR VON BULLDOGPRESS<\/span><\/h2>\n<p><strong>www.bulldogpress.de<\/strong><\/p>\n<p>[\/et_pb_text][et_pb_button button_url=&#8220;https:\/\/bulldogpress.de\/&#8220; url_new_window=&#8220;on&#8220; button_text=&#8220;zum shop&#8220; _builder_version=&#8220;4.27.4&#8243; custom_button=&#8220;on&#8220; button_text_size=&#8220;16px&#8220; button_bg_color=&#8220;#24c9c3&#8243; button_border_width=&#8220;0px&#8220; button_border_radius=&#8220;100px&#8220; button_letter_spacing=&#8220;2px&#8220; button_font=&#8220;Arial|700||on|||||&#8220; button_icon=&#8220;&#x39;||divi||400&#8243; background_layout=&#8220;dark&#8220; custom_margin=&#8220;40px|||&#8220; custom_padding=&#8220;16px|40px|16px|40px|true|true&#8220; locked=&#8220;off&#8220; global_colors_info=&#8220;{}&#8220; button_text_size__hover_enabled=&#8220;off&#8220; button_one_text_size__hover_enabled=&#8220;off&#8220; button_two_text_size__hover_enabled=&#8220;off&#8220; button_text_color__hover_enabled=&#8220;off&#8220; button_one_text_color__hover_enabled=&#8220;off&#8220; button_two_text_color__hover_enabled=&#8220;off&#8220; button_border_width__hover_enabled=&#8220;off&#8220; button_one_border_width__hover_enabled=&#8220;off&#8220; button_two_border_width__hover_enabled=&#8220;off&#8220; button_border_color__hover_enabled=&#8220;off&#8220; button_one_border_color__hover_enabled=&#8220;off&#8220; button_two_border_color__hover_enabled=&#8220;off&#8220; button_border_radius__hover_enabled=&#8220;off&#8220; button_one_border_radius__hover_enabled=&#8220;off&#8220; button_two_border_radius__hover_enabled=&#8220;off&#8220; button_letter_spacing__hover_enabled=&#8220;off&#8220; button_one_letter_spacing__hover_enabled=&#8220;off&#8220; button_two_letter_spacing__hover_enabled=&#8220;off&#8220; button_bg_color__hover_enabled=&#8220;off&#8220; button_one_bg_color__hover_enabled=&#8220;off&#8220; button_two_bg_color__hover_enabled=&#8220;off&#8220;][\/et_pb_button][\/et_pb_column][et_pb_column type=&#8220;1_5&#8243; _builder_version=&#8220;4.16&#8243; _module_preset=&#8220;default&#8220; global_colors_info=&#8220;{}&#8220;][et_pb_image src=&#8220;https:\/\/ackerkralle.de\/wp-content\/uploads\/2021\/03\/handbuecher.png&#8220; title_text=&#8220;handbuecher&#8220; url=&#8220;https:\/\/bulldogpress.de\/&#8220; url_new_window=&#8220;on&#8220; _builder_version=&#8220;4.27.4&#8243; _module_preset=&#8220;default&#8220; global_colors_info=&#8220;{}&#8220;][\/et_pb_image][\/et_pb_column][\/et_pb_row][\/et_pb_section]<\/p>\n","protected":false},"excerpt":{"rendered":"<p>Feiern &amp; VeranstaltungenSie lieben alte Trecker und Co.Pressebericht:Der Traktorclub Ackerkralle feiert 40. Geburtstag\u2013 und viele G\u00e4ste feiern mit&#8230; von Peter Sch\u00e4ferR\u00fcckblick und Danksagung\u201eOldtimertraktoren- und Dampfmaschinenschau\u201c in Beselich-Niedertiefenbachvom 1. \u2013 2. Juni 2024 am \u201eHistorischen Agritechnikum\u201cZun\u00e4chst einmal m\u00f6chte sich der Vorstand sehr herzlich f\u00fcr die gelungene Veranstaltung bei allen, die dazu beigetragen haben, bedanken: Dem Schirmherrn [&hellip;]<\/p>\n","protected":false},"author":1,"featured_media":0,"parent":0,"menu_order":0,"comment_status":"closed","ping_status":"closed","template":"","meta":{"_et_pb_use_builder":"on","_et_pb_old_content":"","_et_gb_content_width":"","footnotes":""},"class_list":["post-61","page","type-page","status-publish","hentry"],"_links":{"self":[{"href":"https:\/\/ackerkralle.de\/index.php?rest_route=\/wp\/v2\/pages\/61","targetHints":{"allow":["GET"]}}],"collection":[{"href":"https:\/\/ackerkralle.de\/index.php?rest_route=\/wp\/v2\/pages"}],"about":[{"href":"https:\/\/ackerkralle.de\/index.php?rest_route=\/wp\/v2\/types\/page"}],"author":[{"embeddable":true,"href":"https:\/\/ackerkralle.de\/index.php?rest_route=\/wp\/v2\/users\/1"}],"replies":[{"embeddable":true,"href":"https:\/\/ackerkralle.de\/index.php?rest_route=%2Fwp%2Fv2%2Fcomments&post=61"}],"version-history":[{"count":64,"href":"https:\/\/ackerkralle.de\/index.php?rest_route=\/wp\/v2\/pages\/61\/revisions"}],"predecessor-version":[{"id":1487,"href":"https:\/\/ackerkralle.de\/index.php?rest_route=\/wp\/v2\/pages\/61\/revisions\/1487"}],"wp:attachment":[{"href":"https:\/\/ackerkralle.de\/index.php?rest_route=%2Fwp%2Fv2%2Fmedia&parent=61"}],"curies":[{"name":"wp","href":"https:\/\/api.w.org\/{rel}","templated":true}]}}